{"id":16,"date":"2017-01-11T16:54:47","date_gmt":"2017-01-11T14:54:47","guid":{"rendered":"http:\/\/murs.fr\/?page_id=16"},"modified":"2018-06-14T14:46:47","modified_gmt":"2018-06-14T12:46:47","slug":"directoire","status":"publish","type":"page","link":"http:\/\/murs.fr\/?page_id=16","title":{"rendered":"Directoire"},"content":{"rendered":"<p><strong>Pr\u00e9sidents :<\/strong><\/p>\n<ul>\n<li>depuis 2007 : Jean JOUZEL (Prix Nobel de la paix)<\/li>\n<li>de 2002 \u00e0 2004 : G\u00e9rard MEGIE (\u2020)<\/li>\n<li>de 1983 \u00e0 2002 : Jean DAUSSET, (\u2020) Prix Nobel &#8211; Fondateur des Cahiers<\/li>\n<li>de 1974 \u00e0 1983 : Robert MALLET (\u2020) Recteur de La Sorbonne, fondateur.<\/li>\n<\/ul>\n<p><strong>Membres du Directoire : <\/strong><\/p>\n<ul>\n<li>Jean-Pierre ALIX, Secr\u00e9taire G\u00e9n\u00e9ral honoraire, ancien responsable du Programme \u00ab\u00a0Science en soci\u00e9t\u00e9\u00a0\u00bb du CNRS<\/li>\n<li>Jean-Michel BESNIER, Professeur de philosophie, La Sorbonne<\/li>\n<li>Anne CAMBON-THOMSEN, g\u00e9n\u00e9ticienne, Universit\u00e9 de Toulouse<\/li>\n<li>Pierre CORVOL, m\u00e9decin, professeur au coll\u00e8ge de France<\/li>\n<li>Patrice DEBR\u00c9, Professeur d\u2019immunologie, Universit\u00e9 Pierre et Marie Curie<\/li>\n<li>Fran\u00e7oise DEGOS<\/li>\n<li>Laurent DEGOS, professeur de m\u00e9decine, Universit\u00e9 Paris Diderot<\/li>\n<li>Jean-Gabriel GANASCIA, professeur, Sorbonne Universit\u00e9<\/li>\n<li>Anne-Sophie GODFROY, Professeur, Universit\u00e9 de Cr\u00e9teil<\/li>\n<li>Claude HURIET, ancien S\u00e9nateur<\/li>\n<li>Brigitte JOUZEL, tr\u00e9sori\u00e8re<\/li>\n<li>Marc LACHIEZE-REY, Directeur de recherche \u00e9m\u00e9rite, astrophysicien<\/li>\n<li>Mich\u00e8le LEDUC, physicienne. Directrice de Recherche au CNRS<\/li>\n<li>Fran\u00e7ois RAVETTA, Professeur, climatologie, Universit\u00e9 Pierre et Marie Curie<\/li>\n<li>Pierre-Fr\u00e9d\u00e9ric TENIERE BUCHOT, Secr\u00e9taire G\u00e9n\u00e9ral du LURD, Pr\u00e9sident du Programme Solidarit\u00e9 Eau, Administrateur de l\u2019Acad\u00e9mie de l\u2019eau<\/li>\n<\/ul>\n","protected":false},"excerpt":{"rendered":"<p>Pr\u00e9sidents : depuis 2007 : Jean JOUZEL (Prix Nobel de la paix) de 2002 \u00e0 2004 : G\u00e9rard MEGIE (\u2020) de 1983 \u00e0 2002 : Jean DAUSSET, (\u2020) Prix Nobel &#8211; Fondateur des Cahiers de 1974 \u00e0 1983 : Robert MALLET (\u2020) Recteur de La Sorbonne, fondateur. Membres du Directoire : Jean-Pierre ALIX, Secr\u00e9taire G\u00e9n\u00e9ral &hellip; <a href=\"http:\/\/murs.fr\/?page_id=16\" class=\"more-link\">Continuer la lecture<span class=\"screen-reader-text\"> de &laquo;&nbsp;Directoire&nbsp;&raquo;<\/span><\/a><\/p>\n","protected":false},"author":1,"featured_media":0,"parent":14,"menu_order":0,"comment_status":"closed","ping_status":"closed","template":"","meta":{"spay_email":"","footnotes":""},"jetpack_sharing_enabled":true,"jetpack_shortlink":"https:\/\/wp.me\/P8hHEz-g","jetpack-related-posts":[{"id":560,"url":"http:\/\/murs.fr\/?page_id=560","url_meta":{"origin":16,"position":0},"title":"Num\u00e9ro 1 :L'Homme et le Climat, 30 ann\u00e9es de recul","date":"27 juin 2022","format":false,"excerpt":"Paysage d'hiver avec patineurs et trappe aux oiseaux, Pieter Bruegel, 1565 EditorialPour la renaissance de la revue du MURS Fond\u00e9 en 1974, le Mouvement Universel de la Responsabilit\u00e9 Scientifique (MURS) reste convaincu de la pertinence du projet qui animait ses membres\u00a0fondateurs: contribuer au d\u00e9bat sur la responsabilit\u00e9 scientifique au sein\u2026","rel":"","context":"Article similaire","img":{"alt_text":"","src":"https:\/\/i2.wp.com\/murs.fr\/wp-content\/uploads\/2022\/02\/Pieter_Bruegel_d._A\u0308._093-scaled.jpg?resize=350%2C200","width":350,"height":200},"classes":[]},{"id":569,"url":"http:\/\/murs.fr\/?page_id=569","url_meta":{"origin":16,"position":1},"title":"Num\u00e9ro 2 : S'informer et communiquer  en p\u00e9riode de pand\u00e9mie","date":"15 septembre 2022","format":false,"excerpt":"Editorial Mars 2020\u00a0: du jour au lendemain, la France enti\u00e8re s\u2019est improvis\u00e9e virologue et \u00e9pid\u00e9miologiste. Du citoyen le plus r\u00e9tif aux mati\u00e8res scientifiques \u00e0 l\u2019expert le plus pointu dans son domaine, chacun est parti en qu\u00eate d\u2019informations sur le SARS-CoV-2, la Covid-19 et les solutions th\u00e9rapeutiques. Pass\u00e9 le premier effet\u2026","rel":"","context":"Article similaire","img":{"alt_text":"","src":"","width":0,"height":0},"classes":[]},{"id":504,"url":"http:\/\/murs.fr\/?page_id=504","url_meta":{"origin":16,"position":2},"title":"La Revue du MURS : Archives","date":"14 f\u00e9vrier 2022","format":false,"excerpt":"Les Cahiers du MURS : de 1984 \u00e0 2011 Science & Devenir de l'Homme - Les Cahiers du MURS, revue trimestrielle en Sciences Humaines et Sociales, est apparue en 1984, publi\u00e9e par l'association \"Mouvement Universel de la Responsabilit\u00e9 Scientifique\".De 1984 \u00e0 2011, la revue rapporte les Conf\u00e9rences\u00a0et\u00a0Cours publics\u00a0de l'association sur\u2026","rel":"","context":"Article similaire","img":{"alt_text":"","src":"","width":0,"height":0},"classes":[]}],"_links":{"self":[{"href":"http:\/\/murs.fr\/index.php?rest_route=\/wp\/v2\/pages\/16"}],"collection":[{"href":"http:\/\/murs.fr\/index.php?rest_route=\/wp\/v2\/pages"}],"about":[{"href":"http:\/\/murs.fr\/index.php?rest_route=\/wp\/v2\/types\/page"}],"author":[{"embeddable":true,"href":"http:\/\/murs.fr\/index.php?rest_route=\/wp\/v2\/users\/1"}],"replies":[{"embeddable":true,"href":"http:\/\/murs.fr\/index.php?rest_route=%2Fwp%2Fv2%2Fcomments&post=16"}],"version-history":[{"count":5,"href":"http:\/\/murs.fr\/index.php?rest_route=\/wp\/v2\/pages\/16\/revisions"}],"predecessor-version":[{"id":161,"href":"http:\/\/murs.fr\/index.php?rest_route=\/wp\/v2\/pages\/16\/revisions\/161"}],"up":[{"embeddable":true,"href":"http:\/\/murs.fr\/index.php?rest_route=\/wp\/v2\/pages\/14"}],"wp:attachment":[{"href":"http:\/\/murs.fr\/index.php?rest_route=%2Fwp%2Fv2%2Fmedia&parent=16"}],"curies":[{"name":"wp","href":"https:\/\/api.w.org\/{rel}","templated":true}]}}